{"id":2394,"date":"2020-04-30T22:00:02","date_gmt":"2020-04-30T22:00:02","guid":{"rendered":"http:\/\/varelayvarela.com.uy\/?page_id=2394"},"modified":"2020-05-13T23:31:40","modified_gmt":"2020-05-13T23:31:40","slug":"testimonios","status":"publish","type":"page","link":"https:\/\/varelayvarela.com.uy\/?page_id=2394","title":{"rendered":"TESTIMONIOS"},"content":{"rendered":"[vc_row][vc_column]<div class=\"vcex-spacing\" style=\"height:40px\"><\/div><div class=\"vcex-module wpex-carousel vcex-testimonials-carousel clr owl-carousel arrwstyle-min arrwpos-center\" data-nav=\"true\" data-dots=\"true\" data-autoplay=\"true\" data-loop=\"true\" data-center=\"true\" data-auto-height=\"false\" data-items=\"3\" data-slideby=\"1\" data-autoplay-timeout=\"10000\" data-margin=\"15\" data-items-tablet=\"3\" data-items-mobile-landscape=\"1\" data-items-mobile-portrait=\"1\" data-smart-speed=\"300\"><div class=\"wpex-carousel-slide\"><div class=\"testimonial-entry post-4364 testimonials type-testimonials status-publish has-post-thumbnail hentry entry has-media\"><div class=\"testimonial-entry-content clr\"><span class=\"testimonial-caret\"><\/span><div class=\"testimonial-entry-details clr\"><p style=\"text-align: center\"><em>Mar\u00eda del Carmen Yunes<br \/>\n<\/em><strong>Lic. Nutrici\u00f3n<\/strong><\/p>\n<p style=\"text-align: center\">\"Trabaj\u00e9 muchos a\u00f1os en Gesti\u00f3n de Servicios Nutrici\u00f3n y Diet\u00e9tica, as\u00ed como en Educaci\u00f3n en Nutrici\u00f3n.<br \/>\nFui derivada al Estudio Varela y Varela, por una colega de Santiago, con quien tuvimos el contacto, y la resoluci\u00f3n de nuestro caso.<br \/>\nEncontramos un alto nivel profesional, as\u00ed como una gran empat\u00eda, respuesta r\u00e1pida a todo lo planteado, muy claro en las opciones y las posibles consecuencias de acuerdo a lo decisi\u00f3n que se tomar\u00e1.<br \/>\nSi fuera necesario, volver\u00eda a consultarlo\".<\/p>\n<\/div><\/div><div class=\"testimonial-entry-bottom clr\"><div class=\"testimonial-entry-thumb\"><img loading=\"lazy\" decoding=\"async\" data-no-lazy=\"1\" class=\"remove-dims skip-lazy\" src=\"https:\/\/varelayvarela.com.uy\/wp-content\/uploads\/2024\/02\/M-150x150.jpg\" data-no-retina width=\"150\" height=\"150\" \/><\/div><div class=\"testimonial-entry-meta\"><\/div><\/div><\/div><\/div><div class=\"wpex-carousel-slide\"><div class=\"testimonial-entry post-4362 testimonials type-testimonials status-publish has-post-thumbnail hentry entry has-media\"><div class=\"testimonial-entry-content clr\"><span class=\"testimonial-caret\"><\/span><div class=\"testimonial-entry-details clr\"><p style=\"text-align: center\"><em>Patricia Mart\u00ednez<br \/>\n<\/em><strong>Ventas servicios financieros<\/strong><\/p>\n<p style=\"text-align: center\">\"Mi contacto tuvo por motivo un tr\u00e1mite urgente en un asunto de familia (incapacidad), que permitiera la designaci\u00f3n de nueva curadora, y asegurara la continuidad en el cobro de una pensi\u00f3n.<br \/>\nEl trato y la atenci\u00f3n al caso fueron ejemplares, agilizando el tr\u00e1mite a pesar de la Feria Judicial.<br \/>\nDestaco la responsabilidad y la amabilidad en la atenci\u00f3n\".<\/p>\n<p style=\"text-align: center\">\n<\/div><\/div><div class=\"testimonial-entry-bottom clr\"><div class=\"testimonial-entry-thumb\"><img loading=\"lazy\" decoding=\"async\" data-no-lazy=\"1\" class=\"remove-dims skip-lazy\" src=\"https:\/\/varelayvarela.com.uy\/wp-content\/uploads\/2024\/02\/P-150x150.jpg\" data-no-retina width=\"150\" height=\"150\" \/><\/div><div class=\"testimonial-entry-meta\"><\/div><\/div><\/div><\/div><div class=\"wpex-carousel-slide\"><div class=\"testimonial-entry post-4358 testimonials type-testimonials status-publish has-post-thumbnail hentry entry has-media\"><div class=\"testimonial-entry-content clr\"><span class=\"testimonial-caret\"><\/span><div class=\"testimonial-entry-details clr\"><p style=\"text-align: center\"><em>Natalia Mart\u00ednez<br \/>\n<\/em><strong>\u00d3ptica<\/strong><\/p>\n<p style=\"text-align: center\">\"Me contact\u00e9 con Santiago para tramitar mi divorcio, el que culmin\u00f3 en tiempo y forma.<br \/>\nLa actuaci\u00f3n fue sumamente responsable, se me transmiti\u00f3 mucha seguridad, y todas mis dudas fueron evacuadas con mucha paciencia y amabilidad.<br \/>\nMi experiencia fue excelente\".<\/p>\n<\/div><\/div><div class=\"testimonial-entry-bottom clr\"><div class=\"testimonial-entry-thumb\"><img loading=\"lazy\" decoding=\"async\" data-no-lazy=\"1\" class=\"remove-dims skip-lazy\" src=\"https:\/\/varelayvarela.com.uy\/wp-content\/uploads\/2024\/02\/N-150x150.jpg\" data-no-retina width=\"150\" height=\"150\" \/><\/div><div class=\"testimonial-entry-meta\"><\/div><\/div><\/div><\/div><div class=\"wpex-carousel-slide\"><div class=\"testimonial-entry post-4178 testimonials type-testimonials status-publish has-post-thumbnail hentry entry has-media\"><div class=\"testimonial-entry-content clr\"><span class=\"testimonial-caret\"><\/span><div class=\"testimonial-entry-details clr\"><p style=\"text-align: center\"><em>Dra. Sof\u00eda Yocco<\/em><br \/>\n<strong>Odont\u00f3loga<\/strong><\/p>\n<p style=\"text-align: center\">Mi experiencia con el estudio Varela y Varela ha sido muy satisfactoria. Desde el primer momento me acompa\u00f1aron, aconsejaron y orientaron durante todas las etapas del proceso, proporcion\u00e1ndome la opci\u00f3n m\u00e1s conveniente para satisfacer mis necesidades jur\u00eddicas, no solo en aspectos legales sino tambi\u00e9n humanos.<br \/>\nDestaco la gran solvencia t\u00e9cnica del equipo que me transmite confianza y tranquilidad, cualidades tan necesarias en un profesional.<br \/>\nHe recomendado el estudio a mis afectos y todos han tenido la misma experiencia.<\/p>\n<\/div><\/div><div class=\"testimonial-entry-bottom clr\"><div class=\"testimonial-entry-thumb\"><img loading=\"lazy\" decoding=\"async\" data-no-lazy=\"1\" class=\"remove-dims skip-lazy\" src=\"https:\/\/varelayvarela.com.uy\/wp-content\/uploads\/2020\/05\/s-150x150.jpg\" data-no-retina width=\"150\" height=\"150\" \/><\/div><div class=\"testimonial-entry-meta\"><\/div><\/div><\/div><\/div><div class=\"wpex-carousel-slide\"><div class=\"testimonial-entry post-4136 testimonials type-testimonials status-publish has-post-thumbnail hentry entry has-media\"><div class=\"testimonial-entry-content clr\"><span class=\"testimonial-caret\"><\/span><div class=\"testimonial-entry-details clr\"><p style=\"text-align: center\"><em>Horacio Gazzano<br \/>\n<\/em><strong>Adm. de gastos comunes<\/strong><\/p>\n<p style=\"text-align: center\">\"Del tiempo que hemos tenido contacto con Varela padre, muy claro y directo con los temas, y ahora con Santiago, valoramos mucho la pronta respuesta a los planteos y las acciones a seguir con sus asesoramientos, as\u00ed como tambi\u00e9n el seguimiento de los temas.<br \/>\nExcelente equipo!\"<\/p>\n<p>&nbsp;<\/p>\n<\/div><\/div><div class=\"testimonial-entry-bottom clr\"><div class=\"testimonial-entry-thumb\"><img loading=\"lazy\" decoding=\"async\" data-no-lazy=\"1\" class=\"remove-dims skip-lazy\" src=\"https:\/\/varelayvarela.com.uy\/wp-content\/uploads\/2023\/05\/H-150x150.jpg\" data-no-retina width=\"150\" height=\"150\" \/><\/div><div class=\"testimonial-entry-meta\"><\/div><\/div><\/div><\/div><div class=\"wpex-carousel-slide\"><div class=\"testimonial-entry post-2642 testimonials type-testimonials status-publish has-post-thumbnail hentry entry has-media\"><div class=\"testimonial-entry-content clr\"><span class=\"testimonial-caret\"><\/span><div class=\"testimonial-entry-details clr\"><p style=\"text-align: center\"><em>Serrana Coelho<br \/>\n<\/em><\/p>\n<p style=\"text-align: center\">\"Solidez y responsabilidad. Les he encargado varios trabajos -juicios y convenios- y todos resultaron muy satisfactorios\u201d.<\/p>\n<\/div><\/div><div class=\"testimonial-entry-bottom clr\"><div class=\"testimonial-entry-thumb\"><img loading=\"lazy\" decoding=\"async\" data-no-lazy=\"1\" class=\"remove-dims skip-lazy\" src=\"https:\/\/varelayvarela.com.uy\/wp-content\/uploads\/2020\/05\/s-150x150.jpg\" data-no-retina width=\"150\" height=\"150\" \/><\/div><div class=\"testimonial-entry-meta\"><\/div><\/div><\/div><\/div><div class=\"wpex-carousel-slide\"><div class=\"testimonial-entry post-2556 testimonials type-testimonials status-publish has-post-thumbnail hentry entry has-media\"><div class=\"testimonial-entry-content clr\"><span class=\"testimonial-caret\"><\/span><div class=\"testimonial-entry-details clr\"><p style=\"text-align: center\"><em>Pilar Cuenca<br \/>\n<\/em><strong>Psic\u00f3loga<\/strong><\/p>\n<p style=\"text-align: center\">\"Me encuentro muy conforme y complacida con la participaci\u00f3n conjunta y el desempe\u00f1o del Dr. Santiago Varela en la resoluci\u00f3n de un conflicto laboral. Destaco su calidez humana, su escucha atenta y su compromiso. Le agradezco por su labor que ha hecho que esta experiencia sea lo menos complicada\".<\/p>\n<\/div><\/div><div class=\"testimonial-entry-bottom clr\"><div class=\"testimonial-entry-thumb\"><img loading=\"lazy\" decoding=\"async\" data-no-lazy=\"1\" class=\"remove-dims skip-lazy\" src=\"https:\/\/varelayvarela.com.uy\/wp-content\/uploads\/2020\/06\/P-150x150.jpg\" data-no-retina width=\"150\" height=\"150\" \/><\/div><div class=\"testimonial-entry-meta\"><\/div><\/div><\/div><\/div><div class=\"wpex-carousel-slide\"><div class=\"testimonial-entry post-2538 testimonials type-testimonials status-publish has-post-thumbnail hentry entry has-media\"><div class=\"testimonial-entry-content clr\"><span class=\"testimonial-caret\"><\/span><div class=\"testimonial-entry-details clr\"><p style=\"text-align: center\"><em>Dora Milani<br \/>\n<\/em><strong>Funcionaria Municipal I.M.\u00a0\u00a0<\/strong><\/p>\n<p style=\"text-align: center\">\"Contact\u00e9 al estudio jur\u00eddico por el hecho de un proceso civil.<br \/>\nRecib\u00ed una excepcional asistencia letrada por parte del staff en todas las etapas procesales que involucr\u00f3 siendo exitosamente resuelto el mismo.<br \/>\nFui orientada con s\u00f3lido conocimiento y emplearon gran diligencia en la resoluci\u00f3n de mi conflicto civil con absoluto acompa\u00f1amiento lo que posibilit\u00f3 sentir la confianza para afrontar el abrumador estado que conlleva este tipo de litigio\".<\/p>\n<p style=\"text-align: center\">\n<\/div><\/div><div class=\"testimonial-entry-bottom clr\"><div class=\"testimonial-entry-thumb\"><img loading=\"lazy\" decoding=\"async\" data-no-lazy=\"1\" class=\"remove-dims skip-lazy\" src=\"https:\/\/varelayvarela.com.uy\/wp-content\/uploads\/2020\/05\/varela-varela-d-150x150.jpg\" data-no-retina width=\"150\" height=\"150\" \/><\/div><div class=\"testimonial-entry-meta\"><\/div><\/div><\/div><\/div><div class=\"wpex-carousel-slide\"><div class=\"testimonial-entry post-2497 testimonials type-testimonials status-publish has-post-thumbnail hentry entry has-media\"><div class=\"testimonial-entry-content clr\"><span class=\"testimonial-caret\"><\/span><div class=\"testimonial-entry-details clr\"><p style=\"text-align: center\"><em>Leticia Lamaita<\/em><br \/>\n<strong>Licenciada en Comunicaci\u00f3n<\/strong><\/p>\n<p style=\"text-align: center\">\"A la hora de buscar un profesional, que me asesore en temas familiares o laborales, busco un estudio que de alguna manera sienta que me representa. Eso es importante, y para representarme debe tomarse el tiempo de conocerme, entender mis intereses y motivaciones, para que pueda sentir la confianza de plantear mis dudas, mis miedos, mis incertidumbres. Eso es lo que pude encontrar en Varela y Varela. Un estudio donde lo profesional, no deja de lado lo humano\u201d.<\/p>\n<\/div><\/div><div class=\"testimonial-entry-bottom clr\"><div class=\"testimonial-entry-thumb\"><img loading=\"lazy\" decoding=\"async\" data-no-lazy=\"1\" class=\"remove-dims skip-lazy\" src=\"https:\/\/varelayvarela.com.uy\/wp-content\/uploads\/2020\/05\/l-150x150.jpg\" data-no-retina width=\"150\" height=\"150\" \/><\/div><div class=\"testimonial-entry-meta\"><\/div><\/div><\/div><\/div><div class=\"wpex-carousel-slide\"><div class=\"testimonial-entry post-2426 testimonials type-testimonials status-publish has-post-thumbnail hentry entry has-media\"><div class=\"testimonial-entry-content clr\"><span class=\"testimonial-caret\"><\/span><div class=\"testimonial-entry-details clr\"><p style=\"text-align: center\"><em>Sr. Sergio Fierro<\/em><br \/>\n<strong>Empleado Publico<\/strong><\/p>\n<p style=\"text-align: center\">\"Hace a\u00f1os que conozco a los profesionales del estudio; en este tiempo me han asesorado y solucionado todos los temas legales familiares. Sucesiones, curatela y rendici\u00f3n de cuentas.<br \/>\nExcelente relacionamiento con el cliente y gran calidad humana. Solventes en todo problema legal\".<\/p>\n<\/div><\/div><div class=\"testimonial-entry-bottom clr\"><div class=\"testimonial-entry-thumb\"><img loading=\"lazy\" decoding=\"async\" data-no-lazy=\"1\" class=\"remove-dims skip-lazy\" src=\"https:\/\/varelayvarela.com.uy\/wp-content\/uploads\/2020\/05\/s-150x150.jpg\" data-no-retina width=\"150\" height=\"150\" \/><\/div><div class=\"testimonial-entry-meta\"><\/div><\/div><\/div><\/div><div class=\"wpex-carousel-slide\"><div class=\"testimonial-entry post-2424 testimonials type-testimonials status-publish has-post-thumbnail hentry entry has-media\"><div class=\"testimonial-entry-content clr\"><span class=\"testimonial-caret\"><\/span><div class=\"testimonial-entry-details clr\"><p style=\"text-align: center\"><em>Evelyn Dur\u00e1n<\/em><br \/>\n<strong>Asistente de publicidad<\/strong><br \/>\n<strong>Estudiante de comunicaci\u00f3n<\/strong><\/p>\n<p style=\"text-align: center\">\"Destaco la atenci\u00f3n recibida por parte del staff del estudio. Personalmente, ha sido enteramente satisfactorio el trato recibido en asesoramiento en varios aspectos legales; brindan confianza y seguridad al cliente\".<\/p>\n<\/div><\/div><div class=\"testimonial-entry-bottom clr\"><div class=\"testimonial-entry-thumb\"><img loading=\"lazy\" decoding=\"async\" data-no-lazy=\"1\" class=\"remove-dims skip-lazy\" src=\"https:\/\/varelayvarela.com.uy\/wp-content\/uploads\/2020\/05\/e-150x150.jpg\" data-no-retina width=\"150\" height=\"150\" \/><\/div><div class=\"testimonial-entry-meta\"><\/div><\/div><\/div><\/div><div class=\"wpex-carousel-slide\"><div class=\"testimonial-entry post-2422 testimonials type-testimonials status-publish has-post-thumbnail hentry entry has-media\"><div class=\"testimonial-entry-content clr\"><span class=\"testimonial-caret\"><\/span><div class=\"testimonial-entry-details clr\"><p style=\"text-align: center\"><em>Esc. Ra\u00fal Pieri Storni<\/em><\/p>\n<p style=\"text-align: center\">\"En las \u00faltimas dos d\u00e9cadas he recurrido a sus servicios profesionales en varias oportunidades y por distintos temas.<br \/>\nSiempre recib\u00ed una esmerada atenci\u00f3n, que me prestaron con solvencia, probidad y diligencia, todo lo cual deseo destacar especialmente\".<\/p>\n<\/div><\/div><div class=\"testimonial-entry-bottom clr\"><div class=\"testimonial-entry-thumb\"><img loading=\"lazy\" decoding=\"async\" data-no-lazy=\"1\" class=\"remove-dims skip-lazy\" src=\"https:\/\/varelayvarela.com.uy\/wp-content\/uploads\/2020\/05\/r-150x150.jpg\" data-no-retina width=\"150\" height=\"150\" \/><\/div><div class=\"testimonial-entry-meta\"><\/div><\/div><\/div><\/div><div class=\"wpex-carousel-slide\"><div class=\"testimonial-entry post-2416 testimonials type-testimonials status-publish has-post-thumbnail hentry entry has-media\"><div class=\"testimonial-entry-content clr\"><span class=\"testimonial-caret\"><\/span><div class=\"testimonial-entry-details clr\"><p style=\"text-align: center\"><em>Daniel Rosales Buono<\/em><br \/>\n<strong>Director de Trirros Ltda.<\/strong><br \/>\n<strong>Servicios Inmobiliarios<\/strong><br \/>\n<strong>Administraci\u00f3n de Edificios en Propiedad Horizontal<\/strong><\/p>\n<p style=\"text-align: center\">\"Varela y Varela, un equipo jur\u00eddico de primera l\u00ednea y siempre un paso adelante.<br \/>\nDedicado, profesional, serio, formal, atento, concreto y expeditivo, anticip\u00e1ndose al devenir del proceso prev\u00e9 la circunstancia cosa que permite ganar tiempo.<br \/>\nInvolucrado y preocupado por entender las necesidades para dar el mejor resultado jur\u00eddico posible.<br \/>\nUn verdadero placer compartir el trabajo.<br \/>\nServicio altamente recomendable\".<\/p>\n<\/div><\/div><div class=\"testimonial-entry-bottom clr\"><div class=\"testimonial-entry-thumb\"><img loading=\"lazy\" decoding=\"async\" data-no-lazy=\"1\" class=\"remove-dims skip-lazy\" src=\"https:\/\/varelayvarela.com.uy\/wp-content\/uploads\/2020\/05\/trirros-logo-2-150x150.jpg\" data-no-retina width=\"150\" height=\"150\" \/><\/div><div class=\"testimonial-entry-meta\"><\/div><\/div><\/div><\/div><div class=\"wpex-carousel-slide\"><div class=\"testimonial-entry post-2411 testimonials type-testimonials status-publish has-post-thumbnail hentry entry has-media\"><div class=\"testimonial-entry-content clr\"><span class=\"testimonial-caret\"><\/span><div class=\"testimonial-entry-details clr\"><p style=\"text-align: center\"><em>Guillermo Misol<br \/>\n<\/em><strong>Contador P\u00fablico<\/strong><\/p>\n<p style=\"text-align: center\">\"Los procesos judiciales son mucho mas complejos de lo que uno pude suponer. Haber contado con el asesoramiento del estudio en mi caso particular result\u00f3 en una cabal comprensi\u00f3n de las distintas alternativas que se iban planteando en las sucesivas etapas del proceso, lo que es fundamental para la toma de decisiones vinculadas al mismo. En ese sentido tanto el asesoramiento como la representaci\u00f3n proporcionados por el Estudio me brindaron mucha seguridad\".<\/p>\n<\/div><\/div><div class=\"testimonial-entry-bottom clr\"><div class=\"testimonial-entry-thumb\"><img loading=\"lazy\" decoding=\"async\" data-no-lazy=\"1\" class=\"remove-dims skip-lazy\" src=\"https:\/\/varelayvarela.com.uy\/wp-content\/uploads\/2020\/05\/g2-150x150.jpg\" data-no-retina width=\"150\" height=\"150\" \/><\/div><div class=\"testimonial-entry-meta\"><\/div><\/div><\/div><\/div><div class=\"wpex-carousel-slide\"><div class=\"testimonial-entry post-2409 testimonials type-testimonials status-publish has-post-thumbnail hentry entry has-media\"><div class=\"testimonial-entry-content clr\"><span class=\"testimonial-caret\"><\/span><div class=\"testimonial-entry-details clr\"><p style=\"text-align: center\"><em>Gerardo Gal\u00fan<\/em><br \/>\n<strong>Rentista<\/strong><\/p>\n<p style=\"text-align: center\">\"En mi actividad como rentista, tanto el elevado nivel de profesionalismo y honestidad as\u00ed como el ser expeditivo, se reflejan en la obtenci\u00f3n de buenos resultados. Tambi\u00e9n el aporte de opiniones certeras y la transparencia en cuanto a honorarios hace que este estudio sea altamente recomendable\".<\/p>\n<\/div><\/div><div class=\"testimonial-entry-bottom clr\"><div class=\"testimonial-entry-thumb\"><img loading=\"lazy\" decoding=\"async\" data-no-lazy=\"1\" class=\"remove-dims skip-lazy\" src=\"https:\/\/varelayvarela.com.uy\/wp-content\/uploads\/2020\/05\/g3-150x150.jpg\" data-no-retina width=\"150\" height=\"150\" \/><\/div><div class=\"testimonial-entry-meta\"><\/div><\/div><\/div><\/div><div class=\"wpex-carousel-slide\"><div class=\"testimonial-entry post-2407 testimonials type-testimonials status-publish has-post-thumbnail hentry entry has-media\"><div class=\"testimonial-entry-content clr\"><span class=\"testimonial-caret\"><\/span><div class=\"testimonial-entry-details clr\"><p style=\"text-align: center\"><em>Cecilia Pereira<\/em><br \/>\n<strong>Licenciada en psicopedagog\u00eda<\/strong><\/p>\n<p style=\"text-align: center\">\"Conoc\u00ed a Santiago y en su momento a su padre en unos de los momentos m\u00e1s dif\u00edciles que me toc\u00f3 vivir hasta ahora, fue un gran alivio y contenci\u00f3n poder contar tanto con su asesoramiento profesional como con su disposici\u00f3n emocional .<br \/>\nEstoy muy agradecida por haber contado con Santiago en este camino que me toc\u00f3 transitar\".<\/p>\n<\/div><\/div><div class=\"testimonial-entry-bottom clr\"><div class=\"testimonial-entry-thumb\"><img loading=\"lazy\" decoding=\"async\" data-no-lazy=\"1\" class=\"remove-dims skip-lazy\" src=\"https:\/\/varelayvarela.com.uy\/wp-content\/uploads\/2020\/05\/c-150x150.jpg\" data-no-retina width=\"150\" height=\"150\" \/><\/div><div class=\"testimonial-entry-meta\"><\/div><\/div><\/div><\/div><div class=\"wpex-carousel-slide\"><div class=\"testimonial-entry post-2397 testimonials type-testimonials status-publish has-post-thumbnail hentry entry has-media\"><div class=\"testimonial-entry-content clr\"><span class=\"testimonial-caret\"><\/span><div class=\"testimonial-entry-details clr\"><p style=\"text-align: center\"><strong>Administraci\u00f3n Gal\u00e1n SRL.<\/strong><br \/>\n<em>Roberto Gal\u00e1n - Socio Administrador<\/em><\/p>\n<p style=\"text-align: center\">\"Llevo 23 a\u00f1os administrando edificios y en Varela y Varela Abogados encontr\u00e9 algo que puede parecer simple, pero que no es factor com\u00fan entre los abogados.<br \/>\nEncontr\u00e9 que tienen la virtud de poder darles la responsabilidad de llevar juicios adelante, sin tener que preocuparse de la diligencia del proceso, adicionado por supuesto al recurso t\u00e9cnico profesional y a un despliegue de ejemplos de jurisprudencia que marcan las horas de esfuerzo y dedicaci\u00f3n en cada caso\".<\/p>\n<\/div><\/div><div class=\"testimonial-entry-bottom clr\"><div class=\"testimonial-entry-thumb\"><img loading=\"lazy\" decoding=\"async\" data-no-lazy=\"1\" class=\"remove-dims skip-lazy\" src=\"https:\/\/varelayvarela.com.uy\/wp-content\/uploads\/2020\/04\/varela-galan-150x150.jpg\" data-no-retina width=\"150\" height=\"150\" \/><\/div><div class=\"testimonial-entry-meta\"><\/div><\/div><\/div><\/div><\/div><div class=\"vcex-spacing\" style=\"height:80px\"><\/div>[\/vc_column][\/vc_row]\n","protected":false},"excerpt":{"rendered":"<p>[vc_row][vc_column][\/vc_column][\/vc_row]<\/p>\n","protected":false},"author":1,"featured_media":0,"parent":0,"menu_order":0,"comment_status":"closed","ping_status":"closed","template":"","meta":{"footnotes":""},"class_list":["post-2394","page","type-page","status-publish","hentry","entry","no-media"],"_links":{"self":[{"href":"https:\/\/varelayvarela.com.uy\/index.php?rest_route=\/wp\/v2\/pages\/2394","targetHints":{"allow":["GET"]}}],"collection":[{"href":"https:\/\/varelayvarela.com.uy\/index.php?rest_route=\/wp\/v2\/pages"}],"about":[{"href":"https:\/\/varelayvarela.com.uy\/index.php?rest_route=\/wp\/v2\/types\/page"}],"author":[{"embeddable":true,"href":"https:\/\/varelayvarela.com.uy\/index.php?rest_route=\/wp\/v2\/users\/1"}],"replies":[{"embeddable":true,"href":"https:\/\/varelayvarela.com.uy\/index.php?rest_route=%2Fwp%2Fv2%2Fcomments&post=2394"}],"version-history":[{"count":11,"href":"https:\/\/varelayvarela.com.uy\/index.php?rest_route=\/wp\/v2\/pages\/2394\/revisions"}],"predecessor-version":[{"id":2403,"href":"https:\/\/varelayvarela.com.uy\/index.php?rest_route=\/wp\/v2\/pages\/2394\/revisions\/2403"}],"wp:attachment":[{"href":"https:\/\/varelayvarela.com.uy\/index.php?rest_route=%2Fwp%2Fv2%2Fmedia&parent=2394"}],"curies":[{"name":"wp","href":"https:\/\/api.w.org\/{rel}","templated":true}]}}